{"id":5,"date":"2023-11-14T13:50:14","date_gmt":"2023-11-14T13:50:14","guid":{"rendered":"https:\/\/new.dexo.cz\/?page_id=5"},"modified":"2026-03-31T11:44:32","modified_gmt":"2026-03-31T11:44:32","slug":"hlavni-stranka","status":"publish","type":"page","link":"https:\/\/dexo.cz\/sk\/","title":{"rendered":"Domovsk\u00e1 str\u00e1nka"},"content":{"rendered":"<div data-elementor-type=\"wp-post\" data-elementor-id=\"5\" class=\"elementor elementor-5\" data-elementor-post-type=\"page\">\n\t\t\t\t<div class=\"elementor-element elementor-element-7d3a88e e-flex e-con-boxed e-con e-parent\" data-id=\"7d3a88e\" data-element_type=\"container\">\n\t\t\t\t\t<div class=\"e-con-inner\">\n\t\t\t\t<div class=\"elementor-element elementor-element-4584a2f elementor--v-position-bottom elementor-pagination-position-outside elementor--h-position-center elementor-widget elementor-widget-slides\" data-id=\"4584a2f\" data-element_type=\"widget\" data-settings=\"{&quot;navigation&quot;:&quot;dots&quot;,&quot;autoplay&quot;:&quot;yes&quot;,&quot;pause_on_hover&quot;:&quot;yes&quot;,&quot;pause_on_interaction&quot;:&quot;yes&quot;,&quot;autoplay_speed&quot;:5000,&quot;infinite&quot;:&quot;yes&quot;,&quot;transition&quot;:&quot;slide&quot;,&quot;transition_speed&quot;:500}\" data-widget_type=\"slides.default\">\n\t\t\t\t\t\t\t\t\t\t<div class=\"elementor-slides-wrapper elementor-main-swiper swiper\" role=\"region\" aria-roledescription=\"carousel\" aria-label=\"Prezent\u00e1cie\" dir=\"ltr\" data-animation=\"\">\n\t\t\t\t<div class=\"swiper-wrapper elementor-slides\">\n\t\t\t\t\t\t\t\t\t\t<div class=\"elementor-repeater-item-7eab5c6 swiper-slide\" role=\"group\" aria-roledescription=\"slide\"><div class=\"swiper-slide-bg\" role=\"img\" aria-label=\"NOTINO, NOTINO, zaoblen\u00e9 steny\"><\/div><a class=\"swiper-slide-inner\" href=\"https:\/\/dexo.cz\/sk\/referencie\/notino\/\"><div class=\"swiper-slide-contents\"><\/div><\/a><\/div><div class=\"elementor-repeater-item-815307e swiper-slide\" role=\"group\" aria-roledescription=\"slide\"><div class=\"swiper-slide-bg\" role=\"img\" aria-label=\"Optim\u00e1lna ve\u013ekos\u0165 Funkcia Obrazov\u00fd web (49)\"><\/div><a class=\"swiper-slide-inner\" href=\"https:\/\/dexo.cz\/sk\/referencie\/rise\/\"><div class=\"swiper-slide-contents\"><\/div><\/a><\/div><div class=\"elementor-repeater-item-8698ebc swiper-slide\" role=\"group\" aria-roledescription=\"slide\"><div class=\"swiper-slide-bg\" role=\"img\" aria-label=\"EOS, Bratislava\"><\/div><a class=\"swiper-slide-inner\" href=\"https:\/\/dexo.cz\/sk\/referencie\/eos\/\"><div class=\"swiper-slide-contents\"><\/div><\/a><\/div><div class=\"elementor-repeater-item-d586b4e swiper-slide\" role=\"group\" aria-roledescription=\"slide\"><div class=\"swiper-slide-bg\" role=\"img\" aria-label=\"Bez z\u00e1vesov (2)\"><\/div><a class=\"swiper-slide-inner\" href=\"https:\/\/dexo.cz\/sk\/referencie\/gymnazium-konrad-lorenz\/\"><div class=\"swiper-slide-contents\"><\/div><\/a><\/div><div class=\"elementor-repeater-item-191910c swiper-slide\" role=\"group\" aria-roledescription=\"slide\"><div class=\"swiper-slide-bg\" role=\"img\" aria-label=\"IS\u0160 Hodon\u00edn (14)\"><\/div><a class=\"swiper-slide-inner\" href=\"https:\/\/dexo.cz\/sk\/referencie\/integrovana-stredna-skola-hodonin\/\"><div class=\"swiper-slide-contents\"><\/div><\/a><\/div>\t\t\t\t<\/div>\n\t\t\t\t\t\t\t\t\t\t\t\t\t\t\t\t\t\t\t\t<div class=\"swiper-pagination\"><\/div>\n\t\t\t\t\t\t\t\t\t\t\t\t<\/div>\n\t\t\t\t\t\t\t\t<\/div>\n\t\t\t\t\t<\/div>\n\t\t\t\t<\/div>\n\t\t<div class=\"elementor-element elementor-element-93d5185 e-flex e-con-boxed e-con e-parent\" data-id=\"93d5185\" data-element_type=\"container\">\n\t\t\t\t\t<div class=\"e-con-inner\">\n\t\t\t\t<div class=\"elementor-element elementor-element-9e21450 elementor-widget elementor-widget-heading\" data-id=\"9e21450\" data-element_type=\"widget\" data-widget_type=\"heading.default\">\n\t\t\t\t\t<h1 class=\"elementor-heading-title elementor-size-default translation-block\">D\u00e1me v\u00e1\u0161mu priestoru nov\u00fd rozmer.<\/h1>\t\t\t\t<\/div>\n\t\t\t\t\t<\/div>\n\t\t\t\t<\/div>\n\t\t<div class=\"elementor-element elementor-element-165bfb9 e-flex e-con-boxed e-con e-parent\" data-id=\"165bfb9\" data-element_type=\"container\">\n\t\t\t\t\t<div class=\"e-con-inner\">\n\t\t<div class=\"elementor-element elementor-element-d54c64e e-con-full e-flex e-con e-child\" data-id=\"d54c64e\" data-element_type=\"container\">\n\t\t\t\t<div class=\"elementor-element elementor-element-fb79198 elementor-widget elementor-widget-text-editor\" data-id=\"fb79198\" data-element_type=\"widget\" data-widget_type=\"text-editor.default\">\n\t\t\t\t\t\t\t\t\t<p>Nad\u010dasov\u00fd priestor vznik\u00e1 spojen\u00edm osobn\u00e9ho pr\u00edstupu a dokonal\u00e9ho prevedenia. Navrhujeme a vyr\u00e1bame udr\u017eate\u013en\u00e9 a funk\u010dn\u00e9 prie\u010dky a dvere zo skla, hlin\u00edka alebo dreva, mobiln\u00e9 steny alebo presklen\u00e9 z\u00e1bradlia, v\u017edy v s\u00falade s platn\u00fdmi eur\u00f3pskymi normami.<\/p><p>Nemus\u00edte ma\u0165 jasn\u00fa predstavu, na to sme tu my. Pom\u00f4\u017eeme v\u00e1m navrhn\u00fa\u0165 projekt a doladi\u0165 ho do posledn\u00e9ho detailu.<\/p><p>M\u00e1me radi netradi\u010dn\u00e9 a ambici\u00f3zne projekty, v ktor\u00fdch sa sp\u00e1jaj\u00fa na\u0161e dlhoro\u010dn\u00e9 stavebn\u00e9 sk\u00fasenosti, kreativita a cit pre dizajn. Sledujeme a pom\u00e1hame vytv\u00e1ra\u0165 najnov\u0161ie trendy v oblasti technol\u00f3gi\u00ed a materi\u00e1lov a pon\u00fakame v\u00e1m modern\u00e9 rie\u0161enia, ktor\u00e9 funguj\u00fa dnes a obstojia aj zajtra.<\/p>\t\t\t\t\t\t\t\t<\/div>\n\t\t\t\t<div class=\"elementor-element elementor-element-fcb7542 elementor-widget elementor-widget-button\" data-id=\"fcb7542\" data-element_type=\"widget\" data-widget_type=\"button.default\">\n\t\t\t\t\t\t\t\t\t\t<a class=\"elementor-button elementor-button-link elementor-size-sm\" href=\"https:\/\/dexo.cz\/sk\/o-nas\/\">\n\t\t\t\t\t\t<span class=\"elementor-button-content-wrapper\">\n\t\t\t\t\t\t\t\t\t<span class=\"elementor-button-text\">Viac o n\u00e1s<\/span>\n\t\t\t\t\t<\/span>\n\t\t\t\t\t<\/a>\n\t\t\t\t\t\t\t\t<\/div>\n\t\t\t\t<\/div>\n\t\t<div class=\"elementor-element elementor-element-2b1fa7d e-con-full e-flex e-con e-child\" data-id=\"2b1fa7d\" data-element_type=\"container\">\n\t\t\t\t<div class=\"elementor-element elementor-element-261fb97 elementor-widget elementor-widget-image\" data-id=\"261fb97\" data-element_type=\"widget\" data-widget_type=\"image.default\">\n\t\t\t\t\t\t\t\t\t\t\t\t\t\t\t\t<a href=\"https:\/\/dexo.cz\/sk\/referencie\/authentica\/\">\n\t\t\t\t\t\t\t<img fetchpriority=\"high\" decoding=\"async\" width=\"1920\" height=\"1277\" src=\"https:\/\/dexo.cz\/wp-content\/uploads\/2025\/06\/authentica.webp\" class=\"attachment-full size-full wp-image-1369\" alt=\"\" srcset=\"https:\/\/dexo.cz\/wp-content\/uploads\/2025\/06\/authentica.webp 1920w, https:\/\/dexo.cz\/wp-content\/uploads\/2025\/06\/authentica-300x200.webp 300w, https:\/\/dexo.cz\/wp-content\/uploads\/2025\/06\/authentica-1024x681.webp 1024w, https:\/\/dexo.cz\/wp-content\/uploads\/2025\/06\/authentica-768x511.webp 768w, https:\/\/dexo.cz\/wp-content\/uploads\/2025\/06\/authentica-1536x1022.webp 1536w, https:\/\/dexo.cz\/wp-content\/uploads\/2025\/06\/authentica-18x12.webp 18w\" sizes=\"(max-width: 1920px) 100vw, 1920px\" \/>\t\t\t\t\t\t\t\t<\/a>\n\t\t\t\t\t\t\t\t\t\t\t\t\t\t\t<\/div>\n\t\t\t\t<\/div>\n\t\t\t\t\t<\/div>\n\t\t\t\t<\/div>\n\t\t<div class=\"elementor-element elementor-element-d7465da e-flex e-con-boxed e-con e-parent\" data-id=\"d7465da\" data-element_type=\"container\" data-settings=\"{&quot;background_background&quot;:&quot;classic&quot;}\">\n\t\t\t\t\t<div class=\"e-con-inner\">\n\t\t\t\t<div class=\"elementor-element elementor-element-c09d4f5 elementor-widget elementor-widget-heading\" data-id=\"c09d4f5\" data-element_type=\"widget\" data-widget_type=\"heading.default\">\n\t\t\t\t\t<h2 class=\"elementor-heading-title elementor-size-default\">Ako pracujeme?<\/h2>\t\t\t\t<\/div>\n\t\t\t\t<div class=\"elementor-element elementor-element-c4d759a elementor-widget-divider--view-line elementor-widget elementor-widget-divider\" data-id=\"c4d759a\" data-element_type=\"widget\" data-widget_type=\"divider.default\">\n\t\t\t\t\t\t\t<div class=\"elementor-divider\">\n\t\t\t<span class=\"elementor-divider-separator\">\n\t\t\t\t\t\t<\/span>\n\t\t<\/div>\n\t\t\t\t\t\t<\/div>\n\t\t\t\t\t<\/div>\n\t\t\t\t<\/div>\n\t\t<div class=\"elementor-element elementor-element-57b9dbb e-flex e-con-boxed e-con e-parent\" data-id=\"57b9dbb\" data-element_type=\"container\">\n\t\t\t\t\t<div class=\"e-con-inner\">\n\t\t<div class=\"elementor-element elementor-element-1edfb38 e-con-full e-flex e-con e-child\" data-id=\"1edfb38\" data-element_type=\"container\">\n\t\t\t\t<div class=\"elementor-element elementor-element-faa22cc elementor-widget elementor-widget-heading\" data-id=\"faa22cc\" data-element_type=\"widget\" data-widget_type=\"heading.default\">\n\t\t\t\t\t<h3 class=\"elementor-heading-title elementor-size-default\">1\/ Prv\u00e9 stretnutie<\/h3>\t\t\t\t<\/div>\n\t\t\t\t<div class=\"elementor-element elementor-element-92a39af elementor-widget elementor-widget-text-editor\" data-id=\"92a39af\" data-element_type=\"widget\" data-widget_type=\"text-editor.default\">\n\t\t\t\t\t\t\t\t\t<p>Dohodneme si s vami stretnutie alebo v\u00e1m po telef\u00f3ne objasn\u00edme va\u0161u predstavu o projekte. Radi pr\u00eddeme na miesto. D\u00f4kladne si prezrieme priestor, vypo\u010dujeme si va\u0161e potreby a odporu\u010d\u00edme rie\u0161enie, ktor\u00e9 bude praktick\u00e9 a funk\u010dn\u00e9.<\/p>\t\t\t\t\t\t\t\t<\/div>\n\t\t\t\t<div class=\"elementor-element elementor-element-8fa37f2 elementor-hidden-mobile elementor-widget elementor-widget-image\" data-id=\"8fa37f2\" data-element_type=\"widget\" data-widget_type=\"image.default\">\n\t\t\t\t\t\t\t\t\t\t\t\t\t\t\t<img decoding=\"async\" width=\"450\" height=\"628\" src=\"https:\/\/dexo.cz\/wp-content\/uploads\/2025\/06\/zidla.webp\" class=\"attachment-full size-full wp-image-1421\" alt=\"\" srcset=\"https:\/\/dexo.cz\/wp-content\/uploads\/2025\/06\/zidla.webp 450w, https:\/\/dexo.cz\/wp-content\/uploads\/2025\/06\/zidla-215x300.webp 215w, https:\/\/dexo.cz\/wp-content\/uploads\/2025\/06\/zidla-9x12.webp 9w\" sizes=\"(max-width: 450px) 100vw, 450px\" \/>\t\t\t\t\t\t\t\t\t\t\t\t\t\t\t<\/div>\n\t\t\t\t<\/div>\n\t\t<div class=\"elementor-element elementor-element-8ad220d e-con-full e-flex e-con e-child\" data-id=\"8ad220d\" data-element_type=\"container\">\n\t\t\t\t<div class=\"elementor-element elementor-element-ce6ad66 elementor-widget elementor-widget-heading\" data-id=\"ce6ad66\" data-element_type=\"widget\" data-widget_type=\"heading.default\">\n\t\t\t\t\t<h3 class=\"elementor-heading-title elementor-size-default\">2\/ Spolupr\u00e1ca<\/h3>\t\t\t\t<\/div>\n\t\t\t\t<div class=\"elementor-element elementor-element-76c66c6 elementor-widget elementor-widget-text-editor\" data-id=\"76c66c6\" data-element_type=\"widget\" data-widget_type=\"text-editor.default\">\n\t\t\t\t\t\t\t\t\t<p>M\u00f4\u017eeme pre v\u00e1s pripravi\u0165 viac variantov dizajnu. Vy si ich pozrite a my ich m\u00f4\u017eeme \u010falej prisp\u00f4sobi\u0165. Zahrnieme aj optim\u00e1lny n\u00e1vrh akustick\u00fdch opatren\u00ed pre dan\u00e9 prostredie, ako s\u00fa napr\u00edklad zvukovoizola\u010dn\u00e9 prvky na steny alebo stropy. Spolo\u010dne dokon\u010d\u00edme kone\u010dn\u00e9 rie\u0161enie.<\/p>\t\t\t\t\t\t\t\t<\/div>\n\t\t\t\t<div class=\"elementor-element elementor-element-93ef687 elementor-hidden-mobile elementor-widget elementor-widget-image\" data-id=\"93ef687\" data-element_type=\"widget\" data-widget_type=\"image.default\">\n\t\t\t\t\t\t\t\t\t\t\t\t\t\t\t<img decoding=\"async\" width=\"450\" height=\"628\" src=\"https:\/\/dexo.cz\/wp-content\/uploads\/2025\/06\/vesacek.webp\" class=\"attachment-full size-full wp-image-1429\" alt=\"\" srcset=\"https:\/\/dexo.cz\/wp-content\/uploads\/2025\/06\/vesacek.webp 450w, https:\/\/dexo.cz\/wp-content\/uploads\/2025\/06\/vesacek-215x300.webp 215w, https:\/\/dexo.cz\/wp-content\/uploads\/2025\/06\/vesacek-9x12.webp 9w\" sizes=\"(max-width: 450px) 100vw, 450px\" \/>\t\t\t\t\t\t\t\t\t\t\t\t\t\t\t<\/div>\n\t\t\t\t<\/div>\n\t\t<div class=\"elementor-element elementor-element-9539f70 e-con-full e-flex e-con e-child\" data-id=\"9539f70\" data-element_type=\"container\">\n\t\t\t\t<div class=\"elementor-element elementor-element-52e6f54 elementor-widget elementor-widget-heading\" data-id=\"52e6f54\" data-element_type=\"widget\" data-widget_type=\"heading.default\">\n\t\t\t\t\t<h3 class=\"elementor-heading-title elementor-size-default\">3\/ V\u00fdstavba a realiz\u00e1cia<\/h3>\t\t\t\t<\/div>\n\t\t\t\t<div class=\"elementor-element elementor-element-57abfb2 elementor-widget elementor-widget-text-editor\" data-id=\"57abfb2\" data-element_type=\"widget\" data-widget_type=\"text-editor.default\">\n\t\t\t\t\t\t\t\t\t<p>Pracujeme s prvotriednymi materi\u00e1lmi a po\u010das procesu mont\u00e1\u017ee db\u00e1me na prec\u00edznos\u0165 ka\u017ed\u00e9ho detailu a celkov\u00e9ho dizajnu. Vyu\u017e\u00edvame na\u0161e dlhoro\u010dn\u00e9 sk\u00fasenosti, aby sme zabezpe\u010dili dokonal\u00fd v\u00fdsledok. Vytvor\u00edme priestor, v ktorom sa budete c\u00edti\u0165 skvele - \u010di u\u017e ide o pracovn\u00fd alebo obytn\u00fd priestor.<\/p>\t\t\t\t\t\t\t\t<\/div>\n\t\t\t\t<div class=\"elementor-element elementor-element-b7054a9 elementor-hidden-mobile elementor-widget elementor-widget-image\" data-id=\"b7054a9\" data-element_type=\"widget\" data-widget_type=\"image.default\">\n\t\t\t\t\t\t\t\t\t\t\t\t<figure class=\"wp-caption\">\n\t\t\t\t\t\t\t\t\t\t<img loading=\"lazy\" decoding=\"async\" width=\"450\" height=\"628\" src=\"https:\/\/dexo.cz\/wp-content\/uploads\/2025\/06\/zidlicka.webp\" class=\"attachment-full size-full wp-image-1430\" alt=\"\" srcset=\"https:\/\/dexo.cz\/wp-content\/uploads\/2025\/06\/zidlicka.webp 450w, https:\/\/dexo.cz\/wp-content\/uploads\/2025\/06\/zidlicka-215x300.webp 215w, https:\/\/dexo.cz\/wp-content\/uploads\/2025\/06\/zidlicka-9x12.webp 9w\" sizes=\"(max-width: 450px) 100vw, 450px\" \/>\t\t\t\t\t\t\t\t\t\t\t<figcaption class=\"widget-image-caption wp-caption-text\"><\/figcaption>\n\t\t\t\t\t\t\t\t\t\t<\/figure>\n\t\t\t\t\t\t\t\t\t<\/div>\n\t\t\t\t<\/div>\n\t\t\t\t\t<\/div>\n\t\t\t\t<\/div>\n\t\t\t\t<\/div>","protected":false},"excerpt":{"rendered":"<p>Prec\u00edzne detaily nad\u010dasov\u00fd celok ide ruka v ruke. Nad\u010dasov\u00fd priestor vznik\u00e1 spojen\u00edm osobn\u00e9ho pr\u00edstupu a dokonal\u00e9ho prevedenia. Navrhujeme a vyr\u00e1bame udr\u017eate\u013en\u00e9 a funk\u010dn\u00e9 prie\u010dky a dvere zo skla, hlin\u00edka alebo dreva, mobiln\u00e9 steny alebo presklen\u00e9 z\u00e1bradlia, v\u017edy v s\u00falade s platn\u00fdmi eur\u00f3pskymi normami. Nemus\u00edte ma\u0165 jasn\u00fa predstavu, od toho sme tu my. Pom\u00f4\u017eeme v\u00e1m navrhn\u00fa\u0165 v\u00e1\u0161 projekt a doladi\u0165 ho do posledn\u00e9ho detailu. Bav\u00ed n\u00e1s netradi\u010dn\u00e9 a ambici\u00f3zne projekty, ktor\u00e9 [...]<\/p>","protected":false},"author":1,"featured_media":0,"parent":0,"menu_order":0,"comment_status":"closed","ping_status":"closed","template":"elementor_header_footer","meta":{"footnotes":""},"class_list":["post-5","page","type-page","status-publish","hentry"],"_links":{"self":[{"href":"https:\/\/dexo.cz\/sk\/wp-json\/wp\/v2\/pages\/5","targetHints":{"allow":["GET"]}}],"collection":[{"href":"https:\/\/dexo.cz\/sk\/wp-json\/wp\/v2\/pages"}],"about":[{"href":"https:\/\/dexo.cz\/sk\/wp-json\/wp\/v2\/types\/page"}],"author":[{"embeddable":true,"href":"https:\/\/dexo.cz\/sk\/wp-json\/wp\/v2\/users\/1"}],"replies":[{"embeddable":true,"href":"https:\/\/dexo.cz\/sk\/wp-json\/wp\/v2\/comments?post=5"}],"version-history":[{"count":10,"href":"https:\/\/dexo.cz\/sk\/wp-json\/wp\/v2\/pages\/5\/revisions"}],"predecessor-version":[{"id":6803,"href":"https:\/\/dexo.cz\/sk\/wp-json\/wp\/v2\/pages\/5\/revisions\/6803"}],"wp:attachment":[{"href":"https:\/\/dexo.cz\/sk\/wp-json\/wp\/v2\/media?parent=5"}],"curies":[{"name":"wp","href":"https:\/\/api.w.org\/{rel}","templated":true}]}}